{"id":2530,"date":"2020-09-07T11:07:42","date_gmt":"2020-09-07T09:07:42","guid":{"rendered":"https:\/\/neustadt-art-festival.de\/?post_type=eventkrake_event&#038;p=2530"},"modified":"2020-09-22T09:06:04","modified_gmt":"2020-09-22T07:06:04","slug":"buero-fuer-schoene-ansichten","status":"publish","type":"eventkrake_event","link":"https:\/\/neustadt-art-festival.de\/en\/event\/buero-fuer-schoene-ansichten\/","title":{"rendered":"B\u00fcro f\u00fcr sch\u00f6ne Ansichten"},"content":{"rendered":"<p><i>B\u00fcro f\u00fcr gute Ma\u00dfnahmen (BfgM)<\/i> noch nie geh\u00f6rt? Das k\u00f6nnte daran liegen, dass das B\u00dcRO im Herzen der Neustadt als Ort f\u00fcr Kunst, Kultur, Musik, Bildung und als Treffpunkt f\u00fcr alle im Rahmen des NAF zum ersten Mal seine Pforten \u00f6ffnet. Verschiedene K\u00fcnstler*innen aus der Neustadt versteigern ihre Werke zu einem guten Zweck (in diesem Fall, um das B\u00fcro beim Vereinsstart zu unterst\u00fctzen) \u2013 kommt also gerne vorbei und holt euch die sch\u00f6nen Ansichten nach Hause!<\/p>\n","protected":false},"excerpt":{"rendered":"<p>B\u00fcro f\u00fcr gute Ma\u00dfnahmen (BfgM) noch nie geh\u00f6rt? Das k\u00f6nnte daran liegen, dass das B\u00dcRO im Herzen der Neustadt als Ort f\u00fcr Kunst, Kultur, Musik, Bildung und als Treffpunkt f\u00fcr alle im Rahmen des NAF zum ersten Mal seine Pforten \u00f6ffnet. Verschiedene K\u00fcnstler*innen aus der Neustadt versteigern ihre Werke zu einem guten Zweck (in diesem [&hellip;]<\/p>\n","protected":false},"featured_media":2783,"comment_status":"closed","ping_status":"closed","template":"","categories":[64],"tags":[],"class_list":["post-2530","eventkrake_event","type-eventkrake_event","status-publish","has-post-thumbnail","hentry","category-64","eventkrake-accessibility-1"],"_links":{"self":[{"href":"https:\/\/neustadt-art-festival.de\/en\/wp-json\/wp\/v2\/eventkrake_event\/2530","targetHints":{"allow":["GET"]}}],"collection":[{"href":"https:\/\/neustadt-art-festival.de\/en\/wp-json\/wp\/v2\/eventkrake_event"}],"about":[{"href":"https:\/\/neustadt-art-festival.de\/en\/wp-json\/wp\/v2\/types\/eventkrake_event"}],"replies":[{"embeddable":true,"href":"https:\/\/neustadt-art-festival.de\/en\/wp-json\/wp\/v2\/comments?post=2530"}],"wp:featuredmedia":[{"embeddable":true,"href":"https:\/\/neustadt-art-festival.de\/en\/wp-json\/wp\/v2\/media\/2783"}],"wp:attachment":[{"href":"https:\/\/neustadt-art-festival.de\/en\/wp-json\/wp\/v2\/media?parent=2530"}],"wp:term":[{"taxonomy":"category","embeddable":true,"href":"https:\/\/neustadt-art-festival.de\/en\/wp-json\/wp\/v2\/categories?post=2530"},{"taxonomy":"post_tag","embeddable":true,"href":"https:\/\/neustadt-art-festival.de\/en\/wp-json\/wp\/v2\/tags?post=2530"}],"curies":[{"name":"wp","href":"https:\/\/api.w.org\/{rel}","templated":true}]}}