{"id":2533,"date":"2020-09-07T11:18:06","date_gmt":"2020-09-07T09:18:06","guid":{"rendered":"https:\/\/neustadt-art-festival.de\/?post_type=eventkrake_event&#038;p=2533"},"modified":"2020-09-07T11:18:06","modified_gmt":"2020-09-07T09:18:06","slug":"faultierlounge","status":"publish","type":"eventkrake_event","link":"https:\/\/neustadt-art-festival.de\/en\/event\/faultierlounge\/","title":{"rendered":"FAULTIERLOUNGE"},"content":{"rendered":"<p><span class=\"\">Das Special zum Neustadt Art Festival. Mitten im Trubel der Alaunstra\u00dfe laden Liegest\u00fchle zum Verweilen. Und Kopfh\u00f6rer bieten Kunstgenuss. Mit Ambient, Klassik oder H\u00f6rspiel auf dem Ohr nimmt man die Lebendigkeit der Umgebung gleich ganz anders war. Besonders wenn der sichtbare Bereich durch einen Bilderrahmen begrenzt wird.\u00a0<\/span><\/p>\n","protected":false},"excerpt":{"rendered":"<p>Das Special zum Neustadt Art Festival. Mitten im Trubel der Alaunstra\u00dfe laden Liegest\u00fchle zum Verweilen. Und Kopfh\u00f6rer bieten Kunstgenuss. Mit Ambient, Klassik oder H\u00f6rspiel auf dem Ohr nimmt man die Lebendigkeit der Umgebung gleich ganz anders war. Besonders wenn der sichtbare Bereich durch einen Bilderrahmen begrenzt wird.\u00a0<\/p>\n","protected":false},"featured_media":0,"comment_status":"closed","ping_status":"closed","template":"","categories":[64],"tags":[],"class_list":["post-2533","eventkrake_event","type-eventkrake_event","status-publish","hentry","category-64","eventkrake-accessibility-2"],"_links":{"self":[{"href":"https:\/\/neustadt-art-festival.de\/en\/wp-json\/wp\/v2\/eventkrake_event\/2533","targetHints":{"allow":["GET"]}}],"collection":[{"href":"https:\/\/neustadt-art-festival.de\/en\/wp-json\/wp\/v2\/eventkrake_event"}],"about":[{"href":"https:\/\/neustadt-art-festival.de\/en\/wp-json\/wp\/v2\/types\/eventkrake_event"}],"replies":[{"embeddable":true,"href":"https:\/\/neustadt-art-festival.de\/en\/wp-json\/wp\/v2\/comments?post=2533"}],"wp:attachment":[{"href":"https:\/\/neustadt-art-festival.de\/en\/wp-json\/wp\/v2\/media?parent=2533"}],"wp:term":[{"taxonomy":"category","embeddable":true,"href":"https:\/\/neustadt-art-festival.de\/en\/wp-json\/wp\/v2\/categories?post=2533"},{"taxonomy":"post_tag","embeddable":true,"href":"https:\/\/neustadt-art-festival.de\/en\/wp-json\/wp\/v2\/tags?post=2533"}],"curies":[{"name":"wp","href":"https:\/\/api.w.org\/{rel}","templated":true}]}}