{"id":2860,"date":"2020-09-26T11:41:24","date_gmt":"2020-09-26T09:41:24","guid":{"rendered":"https:\/\/neustadt-art-festival.de\/?post_type=eventkrake_event&#038;p=2860"},"modified":"2020-09-26T11:43:48","modified_gmt":"2020-09-26T09:43:48","slug":"goeran-gnaudschun-i-follow-rivers-ausstellungseroeffnung","status":"publish","type":"eventkrake_event","link":"https:\/\/neustadt-art-festival.de\/en\/event\/goeran-gnaudschun-i-follow-rivers-ausstellungseroeffnung\/","title":{"rendered":"G\u00f6ran Gnaudschun I follow rivers [Ausstellungser\u00f6ffnung]"},"content":{"rendered":"<p style=\"text-align: left;\">In seiner j\u00fcngsten Arbeit \u201eI follow rivers\u201c (seit 2015) richtet G\u00f6ran Gnaudschun den Blick auf das eigene Dasein, stellt sich universellen Fragen: Wo stehe ich? Wie kam ich an diesen Punkt des Lebens? In welcher Form ist die Vergangenheit in der Gegenwart aufgehoben?<\/p>\n<p style=\"text-align: left;\">\nDie sehr pers\u00f6nlichen Aufnahmen sind visuelle Entsprechungen eines inneren Zustandes, der von Abschied und Neubeginn gepr\u00e4gt ist: \u201eIn offener Landschaft, ohne Kompass und Richtung, sollte man Fl\u00fcssen folgen\u201c, so ein Hinweis des K\u00fcnstlers auf den Titel. Gnaudschun besch\u00e4ftigen die Wege, die sich aufzeigen, wenn Finsternis das eigene Lebensgel\u00e4nde unpassierbar macht, es einer Neuorientierung bedarf. Er sieht sich selbst als F\u00e4hrtenleser, sucht Spuren, geht ihnen nach und schafft den Abgleich seiner Innenwelt mit den Bildern der Au\u00dfenwelt.<\/p>\n<p style=\"text-align: left;\">Entsprechend vielseitig ist das Bildrepertoire: Die Beklemmung einer d\u00fcsteren Baumgruppe wird durch die Z\u00e4rtlichkeit zweier parkender Autos aufgel\u00f6st. Ein Haarschopf leuchtet im Blitzlicht auf wie die goldenen Fl\u00fcgel eines Engels. H\u00e4nde greifen einander zaghaft und zerfurchen im n\u00e4chsten Moment Bettdecken und Gesichter. Nicht der Gegenstand an sich, sondern seine symbolische Kraft steht im Vordergrund der impulshaft aufgenommenen Fotografien. Assoziative B\u00e4nder spannen sich durch Bilder und Zeiten, verbinden das Nahe und das Ferne, das Helle und das Dunkle. Es geht um das Ephemere, das Fragile, das Wissen um die Endlichkeit, um Liebe und Schmerz.<br \/>\n\u201eI follow rivers\u201c ist ein verst\u00f6rend-poetisches Gemenge aus Einzelbildern, die in unterschiedlichen Techniken und Formaten aufeinander Bezug nehmen. Um sich die Arbeit zu erschlie\u00dfen, braucht es Sensibilit\u00e4t und die Bereitschaft zur Resonanz. Dann wird es m\u00f6glich, den Fl\u00fcssen des Lebens zu folgen.<\/p>\n<p style=\"text-align: right;\">Katja Dannowski<\/p>\n<p>&nbsp;<\/p>\n<p><strong>Ausstellungszeit<\/strong><br \/>\n26.9.\u2013 31.10.2020<br \/>\nEr\u00f6ffnung am Samstag, 26.9.2020, ab 19 Uhr Zur Ausstellung erscheint eine Publikation bei publish&#038;print, Dresden.<\/p>\n","protected":false},"excerpt":{"rendered":"<p>In seiner j\u00fcngsten Arbeit \u201eI follow rivers\u201c (seit 2015) richtet G\u00f6ran Gnaudschun den Blick auf das eigene Dasein, stellt sich universellen Fragen: Wo stehe ich? Wie kam ich an diesen Punkt des Lebens? In welcher Form ist die Vergangenheit in der Gegenwart aufgehoben? Die sehr pers\u00f6nlichen Aufnahmen sind visuelle Entsprechungen eines inneren Zustandes, der von [&hellip;]<\/p>\n","protected":false},"featured_media":2861,"comment_status":"closed","ping_status":"closed","template":"","categories":[64],"tags":[],"class_list":["post-2860","eventkrake_event","type-eventkrake_event","status-publish","has-post-thumbnail","hentry","category-64","eventkrake-accessibility-"],"_links":{"self":[{"href":"https:\/\/neustadt-art-festival.de\/en\/wp-json\/wp\/v2\/eventkrake_event\/2860","targetHints":{"allow":["GET"]}}],"collection":[{"href":"https:\/\/neustadt-art-festival.de\/en\/wp-json\/wp\/v2\/eventkrake_event"}],"about":[{"href":"https:\/\/neustadt-art-festival.de\/en\/wp-json\/wp\/v2\/types\/eventkrake_event"}],"replies":[{"embeddable":true,"href":"https:\/\/neustadt-art-festival.de\/en\/wp-json\/wp\/v2\/comments?post=2860"}],"wp:featuredmedia":[{"embeddable":true,"href":"https:\/\/neustadt-art-festival.de\/en\/wp-json\/wp\/v2\/media\/2861"}],"wp:attachment":[{"href":"https:\/\/neustadt-art-festival.de\/en\/wp-json\/wp\/v2\/media?parent=2860"}],"wp:term":[{"taxonomy":"category","embeddable":true,"href":"https:\/\/neustadt-art-festival.de\/en\/wp-json\/wp\/v2\/categories?post=2860"},{"taxonomy":"post_tag","embeddable":true,"href":"https:\/\/neustadt-art-festival.de\/en\/wp-json\/wp\/v2\/tags?post=2860"}],"curies":[{"name":"wp","href":"https:\/\/api.w.org\/{rel}","templated":true}]}}