{"id":1275,"date":"2018-09-18T15:26:54","date_gmt":"2018-09-18T13:26:54","guid":{"rendered":"https:\/\/neustadt-art-festival.de\/?post_type=eventkrake_location&#038;p=1275"},"modified":"2018-09-18T15:34:12","modified_gmt":"2018-09-18T13:34:12","slug":"kunsthofpassage-hof-der-metamorphosen","status":"publish","type":"eventkrake_location","link":"https:\/\/neustadt-art-festival.de\/en\/location\/kunsthofpassage-hof-der-metamorphosen\/","title":{"rendered":"Kunsthofpassage &#8211; Hof der Metamorphosen"},"content":{"rendered":"<p>Der von <a href=\"http:\/\/www.arend-zwicker.de\/\">Arend Zwicker<\/a> gestalteten Hof der Metamorphose bildet einen Gegensatz zum belebten Hof der Tiere. Eher k\u00fchl und \u00e4sthetisch wirken die sechs 15 Meter langen, schweren Schilde an der Hausfassade. Sie bergen ein Geheimnis, das erst in den Abendstunden gel\u00fcftet wird. In deren gekr\u00fcmmter Oberfl\u00e4che sind Glasfaserb\u00fcndel eingelassen, die abends von verdeckten Projektoren zum Leuchten gebracht werden. Die Struktur der Metallschilde scheint verrostet. Die 24 verschiedenen Papiere, die in Metallrahmen an den Au\u00dfenw\u00e4nden h\u00e4ngen sind einen Blick wert. Sie ver\u00e4ndern ihre Struktur. Die verschiedenen Papiere tauchte man zur H\u00e4lfte in Lein\u00f6l ein und setzte sie der Witterung aus, somit dienen sie als eine Art Langzeitversuch.<\/p>\n<p><em>Text &amp; Bild: <\/em><a href=\"https:\/\/kunsthof-dresden.de\/kunsthof\/hof-der-metamorphosen\/\"><em>kunsthof-dresden.de<\/em><\/a><\/p>\n","protected":false},"excerpt":{"rendered":"<p>Der von Arend Zwicker gestalteten Hof der Metamorphose bildet einen Gegensatz zum belebten Hof der Tiere. Eher k\u00fchl und \u00e4sthetisch wirken die sechs 15 Meter langen, schweren Schilde an der Hausfassade. Sie bergen ein Geheimnis, das erst in den Abendstunden gel\u00fcftet wird. In deren gekr\u00fcmmter Oberfl\u00e4che sind Glasfaserb\u00fcndel eingelassen, die abends von verdeckten Projektoren zum [&hellip;]<\/p>\n","protected":false},"featured_media":1279,"comment_status":"closed","ping_status":"closed","template":"","categories":[66],"tags":[],"class_list":["post-1275","eventkrake_location","type-eventkrake_location","status-publish","has-post-thumbnail","hentry","category-66","eventkrake-accessibility-"],"_links":{"self":[{"href":"https:\/\/neustadt-art-festival.de\/en\/wp-json\/wp\/v2\/eventkrake_location\/1275","targetHints":{"allow":["GET"]}}],"collection":[{"href":"https:\/\/neustadt-art-festival.de\/en\/wp-json\/wp\/v2\/eventkrake_location"}],"about":[{"href":"https:\/\/neustadt-art-festival.de\/en\/wp-json\/wp\/v2\/types\/eventkrake_location"}],"replies":[{"embeddable":true,"href":"https:\/\/neustadt-art-festival.de\/en\/wp-json\/wp\/v2\/comments?post=1275"}],"wp:featuredmedia":[{"embeddable":true,"href":"https:\/\/neustadt-art-festival.de\/en\/wp-json\/wp\/v2\/media\/1279"}],"wp:attachment":[{"href":"https:\/\/neustadt-art-festival.de\/en\/wp-json\/wp\/v2\/media?parent=1275"}],"wp:term":[{"taxonomy":"category","embeddable":true,"href":"https:\/\/neustadt-art-festival.de\/en\/wp-json\/wp\/v2\/categories?post=1275"},{"taxonomy":"post_tag","embeddable":true,"href":"https:\/\/neustadt-art-festival.de\/en\/wp-json\/wp\/v2\/tags?post=1275"}],"curies":[{"name":"wp","href":"https:\/\/api.w.org\/{rel}","templated":true}]}}